{"id":405,"date":"2015-02-15T03:51:42","date_gmt":"2015-02-15T03:51:42","guid":{"rendered":"https:\/\/intergentes.com\/submissions-2\/"},"modified":"2018-09-25T19:19:09","modified_gmt":"2018-09-25T23:19:09","slug":"contribuciones","status":"publish","type":"page","link":"https:\/\/intergentes.com\/es\/contribuciones\/","title":{"rendered":"Contribuciones"},"content":{"rendered":"<div class=\"wpb-content-wrapper\"><div class=\"nolwrap\">[vc_row][vc_column][vc_tabs container_bg_color=\u00bb#ffffff\u00bb][vc_tab title=\u00bbArt\u00edculos y contribuciones\u00bb tab_id=\u00bb1430194516-1-87a60e-1943&#8243;][vc_column_text]\n<h1 class=\"p1\"><span class=\"s1\"><b>Art\u00edculos y Contribuciones<\/b><\/span><\/h1>\n<p class=\"p3\"><span class=\"s2\"><b><i>Inter Gentes<\/i><\/b> acepta contribuciones relacionadas a su tema trimestral o vinculadas con desarrollos recientes en el \u00e1mbito del derecho internacional. Por favor tenga en cuenta que se dar\u00e1 preferencia a art\u00edculos argumentativos en lugar de art\u00edculos explicativos. Siendo consecuentes con la filosof\u00eda de <i>Inter Gentes<\/i>, aquellos manuscritos que desarrollen modelos innovadores de an\u00e1lisis del derecho internacional y el pluralismo jur\u00eddico ser\u00e1n recibidos con particular atenci\u00f3n por el Consejo Asesor. Asimismo, alentamos a nuestros contribuidores y a nuestra audiencia a formar parte de un di\u00e1logo constructivo por medio de la publicaci\u00f3n de art\u00edculos de opini\u00f3n, comentarios y respuestas a art\u00edculos acad\u00e9micos en nuestra plataforma virtual.<\/span><\/p>\n<h2><b><\/b><span class=\"s2\"><b>I. Informaci\u00f3n General<\/b><\/span><\/h2>\n<p class=\"p6\"><span class=\"s1\"><i>Inter Gentes<\/i> busca publicar art\u00edculos acad\u00e9micos incisivos que contribuyan al desarrollo te\u00f3rico del pluralismo jur\u00eddico y del derecho internacional. La revista recibe propuestas relacionadas al tema de su pr\u00f3xima edici\u00f3n, as\u00ed como contribuciones que exploren otra \u00e1rea del derecho p\u00fablico internacional y el pluralismo jur\u00eddico desde una perspectiva cr\u00edtica.<\/span><\/p>\n<p class=\"p6\"><span class=\"s1\"><i>Inter Gentes<\/i> busca proveer un foro que propicie la diversidad de opini\u00f3n. Aceptamos contribuciones de profesionales, acad\u00e9micos y estudiantes involucrados en el estudio o pr\u00e1ctica del derecho p\u00fablico internacional, el pluralismo jur\u00eddico u otras disciplinas relacionadas.<\/span><\/p>\n<p class=\"p6\"><span class=\"s1\">Creemos fuertemente en la diversidad y la inclusi\u00f3n e incentivamos contribuciones acad\u00e9micas desde un punto de vista feminista, internacional e interdisciplinario. Somos una revista de libre acceso y, como tal, alentamos a los contribuidores a utilizar fuentes acad\u00e9micas que est\u00e9n disponibles al p\u00fablico. De igual manera, trabajamos fuertemente para que nuestra p\u00e1gina web y su contenido sean accesibles a personas invidentes o con problemas visuales.<\/span><\/p>\n<p class=\"p6\"><span class=\"s1\">Adicionalmente, <i>Inter Gentes<\/i> promueve la revisi\u00f3n por pares de forma previa a la publicaci\u00f3n. Asimismo, alentamos a nuestros contribuidores y a nuestra audiencia a formar parte de un di\u00e1logo constructivo por medio de la publicaci\u00f3n de art\u00edculos de opini\u00f3n, comentarios y respuestas a art\u00edculos acad\u00e9micos en nuestra plataforma virtual.<\/span><\/p>\n<h2 class=\"p7\"><span class=\"s1\"><b>II. Requisitos para las Contribuciones<\/b><\/span><\/h2>\n<p class=\"p6\"><span class=\"s1\"><b>Formato y Citaciones<\/b><\/span><\/p>\n<p class=\"p6\"><span class=\"s1\">Toda contribuci\u00f3n debe ser enviada a <\/span><span class=\"s4\">intergentes@mcgill.ca<\/span><span class=\"s1\"> en formato<b> Word<\/b> con texto a doble espacio. Aceptamos contribuciones en ingl\u00e9s, franc\u00e9s y espa\u00f1ol. Las contribuciones deben eliminar cualquier referencia que identifique al autor.<\/span><\/p>\n<p class=\"p6\"><span class=\"s1\">Los autores deben incluir un resumen de su manuscrito de no m\u00e1s de 300 palabras, as\u00ed como un <i>curr\u00edculum vitae<\/i> que incluya una lista de todas las publicaciones hechas por el autor.<\/span><\/p>\n<p class=\"p6\"><span class=\"s1\">La revista no acepta manuscritos enviados v\u00eda fax o por correo est\u00e1ndar.<\/span><\/p>\n<p class=\"p6\"><span class=\"s1\">Todas las citaciones o notas al pie de p\u00e1gina deben respetar el formato dado por la Novena Edici\u00f3n de la Gu\u00eda Canadiense para la Citaci\u00f3n Legal Uniforme. Los autores deben proveer citaciones completas y asegurarse de que todas las referencias hechas a p\u00e1ginas o p\u00e1rrafos espec\u00edficos sean verificables. En consecuencia, los autores deben estar preparados para proveer una copia de cualquier fuente utilizada cuando esto les sea solicitado. Incitamos a los autores a referirse a fuentes de libre acceso en la medida de lo posible para asegurar su accesibilidad por parte del lector.<\/span><\/p>\n<p class=\"p6\"><span class=\"s1\">Nos acogemos a la inclusi\u00f3n del g\u00e9nero en contribuciones. Se reserva el derecho de recomendar la modificaci\u00f3n de ciertos extractos de los art\u00edculos para asegurar el respeto de todos(as) los(as) lectores(as).<\/span><\/p>\n<p class=\"p6\"><span class=\"s1\"><b>Categor\u00edas de las Contribuciones<\/b><\/span><\/p>\n<p class=\"p6\"><span class=\"s5\">Art\u00edculos Acad\u00e9micos<\/span><span class=\"s1\"> (Estos ser\u00e1n sometidos a un proceso editorial completo que incluye una revisi\u00f3n por pares utilizando el m\u00e9todo de doble ciego)<\/span><\/p>\n<ol class=\"ol2\">\n<li class=\"li8\"><span class=\"s1\">Art\u00edculos Acad\u00e9micos (extensi\u00f3n de 8000 \u2013 15,000 palabras)<\/span><\/li>\n<li class=\"li8\"><span class=\"s1\">Comentarios de Fallos (extensi\u00f3n de 1500 \u2013 4000 palabras)<\/span><\/li>\n<li class=\"li8\"><span class=\"s1\">Rese\u00f1as de Libros (extensi\u00f3n de 1500 \u2013 4000 palabras)<\/span><\/li>\n<\/ol>\n<p class=\"p6\"><span class=\"s5\">Art\u00edculos de opini\u00f3n y comentarios<\/span><span class=\"s1\"> (Estos ser\u00e1n sometidos a un proceso de edici\u00f3n interna)<\/span><\/p>\n<ol class=\"ol2\">\n<li class=\"li8\"><span class=\"s1\">Art\u00edculos de opini\u00f3n sobre temas actuales de derecho internacional y pluralismo jur\u00eddico (extensi\u00f3n de 500 \u2013 700 palabras)<\/span><\/li>\n<li class=\"li8\"><span class=\"s1\">Comentarios y respuestas acad\u00e9micas a art\u00edculos previamente publicados por la revista (extensi\u00f3n de 500-3000 palabras)<\/span><\/li>\n<\/ol>\n<p class=\"p6\"><span class=\"s1\"><i>N.B.<\/i>: Los l\u00edmites de palabras establecidos para cada tipo de art\u00edculo excluyen las notas a pie de p\u00e1gina.<\/span><\/p>\n<h2 class=\"p7\"><span class=\"s1\"><b>III. Proceso de Selecci\u00f3n de los Art\u00edculos Recibidos<\/b><\/span><\/h2>\n<p class=\"p6\"><span class=\"s1\">Una vez recibidos, los art\u00edculos pasan por una evaluaci\u00f3n de dos etapas por el Equipo Editorial, compuesto por estudiantes de McGill en los programas de licenciatura y maestr\u00eda. Dicha evaluaci\u00f3n editorial interna determina si el art\u00edculo es: 1) aceptado para ser sometido a la revisi\u00f3n por pares mediante el m\u00e9todo de doble ciego (revisi\u00f3n externa), 2) reenviado al autor para ser mejorado o 3) rechazado. S\u00f3lo los art\u00edculos que pasen el proceso de revisi\u00f3n interna por el Equipo Editorial ser\u00e1n sometidos a la revisi\u00f3n externa.<\/span><\/p>\n<p class=\"p6\"><span class=\"s1\">El equipo administrativo de Inter Gentes toma su decisi\u00f3n final sobre la publicaci\u00f3n del art\u00edculo una vez que la revisi\u00f3n por pares haya concluido. El Docente Asesor y los miembros del Consejo Asesor llevar\u00e1n a cabo la evaluaci\u00f3n por pares de los art\u00edculos. Los autores trabajaran cercanamente con el Equipo Editorial con respecto a revisiones tanto de contenido como de formato antes de la publicaci\u00f3n de su manuscrito.<\/span><\/p>\n<p class=\"p6\"><span class=\"s1\"><b>Cronograma<\/b><\/span><\/p>\n<p class=\"p6\"><span class=\"s1\"><i>Inter Gentes<\/i> toma decisiones acerca de la publicaci\u00f3n de manuscritos de forma rotatoria. Sin embargo, el tiempo que toma el proceso de evaluaci\u00f3n de los art\u00edculos var\u00eda dependiendo del momento del a\u00f1o en el que se inicie el proceso editorial. Con el fin de que cada art\u00edculo cumpla satisfactoriamente con nuestro criterio de selecci\u00f3n, nos esforzamos enormemente por evaluar y editar cada art\u00edculo con gran cuidado, por lo que dicho proceso puede tomar varias semanas. Apreciamos su paciencia durante los periodos de evaluaci\u00f3n acad\u00e9mica del Equipo Editorial. Como estudiantes de la facultad de leyes de McGill el proceso de revisi\u00f3n puede ser prolongarse durante algunos meses del a\u00f1o (de noviembre a diciembre y de marzo a Abril).<\/span><\/p>\n<p class=\"p6\"><span class=\"s1\"><b>Exclusividad de las Contribuciones; T\u00e9rminos y Condiciones de los Derechos de Autor<\/b><\/span><\/p>\n<p class=\"p6\"><span class=\"s1\">A todo autor o autora [sa] cuya contribuci\u00f3n haya llegado al proceso de publicaci\u00f3n le ser\u00e1 requerido firmar un acuerdo indicando la aceptaci\u00f3n de los t\u00e9rminos y condiciones sobre derechos de autor de la revista. Tome en cuenta que los manuscritos enviados a <i>Inter Gentes <\/i>no pueden estar simult\u00e1neamente considerados por otras revistas. Le solicitamos a los autores que confirmen su consentimiento a los t\u00e9rminos referidos en el mismo correo electr\u00f3nico utilizado para enviar su art\u00edculo a la revista.<\/span><\/p>\n<p class=\"p6\"><span class=\"s1\">Una vez <i>Inter Gentes<\/i> haya recibido el manuscrito y el autor haya confirmado que est\u00e1 de acuerdo con los t\u00e9rminos de exclusividad de la revista, este recibir\u00e1 un mensaje que certifica que el art\u00edculo ha sido recibido y se le indicar\u00e1 el tiempo estimado que tomar\u00e1 la edici\u00f3n y evaluaci\u00f3n del manuscrito. El autor retendr\u00e1 los derechos de autor de todo manuscrito que sea aceptado para publicaci\u00f3n. Sin embargo, este debe firmar un acuerdo que le d\u00e9 a la revista una licencia exclusiva para publicar el art\u00edculo por primera vez, as\u00ed como una licencia no exclusiva para reproducir y distribuir el art\u00edculo o extractos del mismo. Cualquier reproducci\u00f3n posterior del art\u00edculo debe indicar de forma expl\u00edcita que el mismo fue publicado por primera vez en <i>Inter Gentes.<\/i><\/span><\/p>\n<h2 class=\"p7\"><span class=\"s1\"><b>IV. Proceso Editorial<\/b><\/span><\/h2>\n<p class=\"p6\"><span class=\"s1\">Los editores de la revista asumen la labor de edici\u00f3n respetando el estilo y las ideas de los autores. Todo art\u00edculo publicado por <i>Inter Gentes<\/i> es editado con el fin de que cumpla con las reglas de la Novena edici\u00f3n de la Gu\u00eda Canadiense para la Citaci\u00f3n Legal Uniforme.<\/span><\/p>\n<p class=\"p6\"><span class=\"s1\">A los autores tambi\u00e9n se les dar\u00e1 la oportunidad de leer y corregir todo cambio y comentario hecho sobre al art\u00edculo por parte del Equipo Editorial.<\/span><\/p>\n<p class=\"p6\"><span class=\"s1\">Cada citaci\u00f3n y nota al pie de p\u00e1gina publicada en <i>Inter Gentes<\/i> ser\u00e1 verificada en formato y contenido por el equipo editorial para asegurar la veracidad y pertinencia de las fuentes utilizadas. Este minucioso proceso editorial es esencial para mantener los altos est\u00e1ndares acad\u00e9micos de la revista. Si las fuentes citadas por el autor no pueden ser obtenidas por la revista, el autor deber\u00e1 proveer una copia de dicha fuente.<\/span><\/p>\n<h2 class=\"p7\"><span class=\"s1\"><b>V. Estatus de la Revisi\u00f3n<\/b><\/span><\/h2>\n<p class=\"p6\"><span class=\"s1\">Todos los autores recibir\u00e1n una confirmaci\u00f3n de que su manuscrito est\u00e1 siendo revisado transcurrido un mes a partir de su recepci\u00f3n. Notificaremos a los autores sobre nuestra decisi\u00f3n tan pronto como nos sea posible.<\/span><\/p>\n[\/vc_column_text][\/vc_tab][vc_tab title=\u00bbIndicaciones para colaboradores\u00bb tab_id=\u00bb1430194516-2-44a60e-1943&#8243;][vc_column_text]\n<p style=\"text-align: center;\"><strong>Fecha l\u00edmite de contribuciones para nuestra segunda\u00a0publicaci\u00f3n es:\u00a031 Julio\u00a02016<\/strong><\/p>\n<h2 style=\"text-align: center;\">El\u00a0tema para nuestra segunda\u00a0edici\u00f3n<\/h2>\n<h2 style=\"text-align: center;\">\u00a0<span style=\"color: #008080;\"><strong>Apropiaci\u00f3n (in)tangible en la esfera internacional<\/strong><\/span><\/h2>\n<p>Cuando hablamos de apropiaci\u00f3n en el contexto internacional, varias cosas vienen a la mente: territorio, propiedad, recursos naturales, derecho mar\u00edtimo. Esta noci\u00f3n de apropiaci\u00f3n de cosas tangibles nos invita a considerar temas diversos, tales como los derechos de ind\u00edgenas sobre la tierra, el paso de oleoductos, tenencia de la tierra, proyectos de desarrollo, expropiaci\u00f3n, disputas mar\u00edtimas, propiedad sobre aspectos culturales, protecci\u00f3n de patrimonios de la humanidad, entre otros. De la misma manera, la apropiaci\u00f3n puede incluir lo intangible y con frecuencia lo hace, ya que abarca cuestiones de identidad cultural, de libre determinaci\u00f3n, de soberan\u00eda y de vida privada.<\/p>\n<p>Por lo tanto, existe una interacci\u00f3n intr\u00ednseca entre la propiedad tangible y la intangible. Por ejemplo, los derechos ind\u00edgenas sobre la tierra, donde la propiedad cultural est\u00e1 inherentemente ligada a la soberan\u00eda, con frecuencia resalta problemas vinculados a la neo-colonizaci\u00f3n. El derecho a la seguridad nacional y a la protecci\u00f3n del territorio son frecuentemente invocados\u00a0para socavar la privacidad inform\u00e1tica del individuo y as\u00ed obtener acceso a sus datos personales.<\/p>\n<p>Para la segunda edici\u00f3n de <em>Inter Gentes<\/em>, invitamos al mundo acad\u00e9mico a explorar la propiedad tangible, la intangible o ambas dentro del marco internacional. Incentivamos una \u00f3ptica interdisciplinaria y cr\u00edtica del <em>status quo<\/em> que tome en cuenta el derecho p\u00fablico internacional, el pluralismo jur\u00eddico, los derechos humanos, los derechos culturales y los acercamientos del tercer mundo al derecho internacional (TWAIL conforme a sus siglas en ingl\u00e9s).[\/vc_column_text][\/vc_tab][\/vc_tabs][\/vc_column][\/vc_row][vc_row][vc_column][\/vc_column][\/vc_row]\n<\/div><\/div>","protected":false},"excerpt":{"rendered":"<p>[vc_row][vc_column][vc_tabs container_bg_color=\u00bb#ffffff\u00bb][vc_tab title=\u00bbArt\u00edculos y contribuciones\u00bb tab_id=\u00bb1430194516-1-87a60e-1943&#8243;][vc_column_text] Art\u00edculos y Contribuciones Inter Gentes acepta contribuciones relacionadas a su tema trimestral o vinculadas con desarrollos recientes en el \u00e1mbito del derecho internacional. Por favor tenga en cuenta que se dar\u00e1 preferencia a art\u00edculos argumentativos en lugar de art\u00edculos explicativos. Siendo consecuentes con la filosof\u00eda de Inter Gentes, aquellos [&hellip;]<\/p>\n","protected":false},"author":1,"featured_media":0,"parent":0,"menu_order":0,"comment_status":"closed","ping_status":"closed","template":"","meta":{"footnotes":""},"class_list":["post-405","page","type-page","status-publish","hentry"],"yoast_head":"<!-- This site is optimized with the Yoast SEO plugin v27.4 - https:\/\/yoast.com\/product\/yoast-seo-wordpress\/ -->\n<title>Contribuciones - Inter Gentes<\/title>\n<meta name=\"robots\" content=\"index, follow, max-snippet:-1, max-image-preview:large, max-video-preview:-1\" \/>\n<link rel=\"canonical\" href=\"https:\/\/intergentes.com\/es\/contribuciones\/\" \/>\n<meta property=\"og:locale\" content=\"es_ES\" \/>\n<meta property=\"og:type\" content=\"article\" \/>\n<meta property=\"og:title\" content=\"Contribuciones - Inter Gentes\" \/>\n<meta property=\"og:description\" content=\"[vc_row][vc_column][vc_tabs container_bg_color=\u00bb#ffffff\u00bb][vc_tab title=\u00bbArt\u00edculos y contribuciones\u00bb tab_id=\u00bb1430194516-1-87a60e-1943&#8243;][vc_column_text] Art\u00edculos y Contribuciones Inter Gentes acepta contribuciones relacionadas a su tema trimestral o vinculadas con desarrollos recientes en el \u00e1mbito del derecho internacional. Por favor tenga en cuenta que se dar\u00e1 preferencia a art\u00edculos argumentativos en lugar de art\u00edculos explicativos. Siendo consecuentes con la filosof\u00eda de Inter Gentes, aquellos [&hellip;]\" \/>\n<meta property=\"og:url\" content=\"https:\/\/intergentes.com\/es\/contribuciones\/\" \/>\n<meta property=\"og:site_name\" content=\"Inter Gentes\" \/>\n<meta property=\"article:modified_time\" content=\"2018-09-25T23:19:09+00:00\" \/>\n<meta name=\"twitter:card\" content=\"summary_large_image\" \/>\n<meta name=\"twitter:label1\" content=\"Tiempo de lectura\" \/>\n\t<meta name=\"twitter:data1\" content=\"9 minutos\" \/>\n<script type=\"application\/ld+json\" class=\"yoast-schema-graph\">{\"@context\":\"https:\\\/\\\/schema.org\",\"@graph\":[{\"@type\":\"WebPage\",\"@id\":\"https:\\\/\\\/intergentes.com\\\/es\\\/contribuciones\\\/\",\"url\":\"https:\\\/\\\/intergentes.com\\\/es\\\/contribuciones\\\/\",\"name\":\"Contribuciones - Inter Gentes\",\"isPartOf\":{\"@id\":\"https:\\\/\\\/intergentes.com\\\/#website\"},\"datePublished\":\"2015-02-15T03:51:42+00:00\",\"dateModified\":\"2018-09-25T23:19:09+00:00\",\"breadcrumb\":{\"@id\":\"https:\\\/\\\/intergentes.com\\\/es\\\/contribuciones\\\/#breadcrumb\"},\"inLanguage\":\"es\",\"potentialAction\":[{\"@type\":\"ReadAction\",\"target\":[\"https:\\\/\\\/intergentes.com\\\/es\\\/contribuciones\\\/\"]}]},{\"@type\":\"BreadcrumbList\",\"@id\":\"https:\\\/\\\/intergentes.com\\\/es\\\/contribuciones\\\/#breadcrumb\",\"itemListElement\":[{\"@type\":\"ListItem\",\"position\":1,\"name\":\"Home\",\"item\":\"https:\\\/\\\/intergentes.com\\\/es\\\/\"},{\"@type\":\"ListItem\",\"position\":2,\"name\":\"Contribuciones\"}]},{\"@type\":\"WebSite\",\"@id\":\"https:\\\/\\\/intergentes.com\\\/#website\",\"url\":\"https:\\\/\\\/intergentes.com\\\/\",\"name\":\"Inter Gentes\",\"description\":\"The McGill Journal of International Law &amp; Legal Pluralism\",\"potentialAction\":[{\"@type\":\"SearchAction\",\"target\":{\"@type\":\"EntryPoint\",\"urlTemplate\":\"https:\\\/\\\/intergentes.com\\\/?s={search_term_string}\"},\"query-input\":{\"@type\":\"PropertyValueSpecification\",\"valueRequired\":true,\"valueName\":\"search_term_string\"}}],\"inLanguage\":\"es\"}]}<\/script>\n<!-- \/ Yoast SEO plugin. -->","yoast_head_json":{"title":"Contribuciones - Inter Gentes","robots":{"index":"index","follow":"follow","max-snippet":"max-snippet:-1","max-image-preview":"max-image-preview:large","max-video-preview":"max-video-preview:-1"},"canonical":"https:\/\/intergentes.com\/es\/contribuciones\/","og_locale":"es_ES","og_type":"article","og_title":"Contribuciones - Inter Gentes","og_description":"[vc_row][vc_column][vc_tabs container_bg_color=\u00bb#ffffff\u00bb][vc_tab title=\u00bbArt\u00edculos y contribuciones\u00bb tab_id=\u00bb1430194516-1-87a60e-1943&#8243;][vc_column_text] Art\u00edculos y Contribuciones Inter Gentes acepta contribuciones relacionadas a su tema trimestral o vinculadas con desarrollos recientes en el \u00e1mbito del derecho internacional. Por favor tenga en cuenta que se dar\u00e1 preferencia a art\u00edculos argumentativos en lugar de art\u00edculos explicativos. Siendo consecuentes con la filosof\u00eda de Inter Gentes, aquellos [&hellip;]","og_url":"https:\/\/intergentes.com\/es\/contribuciones\/","og_site_name":"Inter Gentes","article_modified_time":"2018-09-25T23:19:09+00:00","twitter_card":"summary_large_image","twitter_misc":{"Tiempo de lectura":"9 minutos"},"schema":{"@context":"https:\/\/schema.org","@graph":[{"@type":"WebPage","@id":"https:\/\/intergentes.com\/es\/contribuciones\/","url":"https:\/\/intergentes.com\/es\/contribuciones\/","name":"Contribuciones - Inter Gentes","isPartOf":{"@id":"https:\/\/intergentes.com\/#website"},"datePublished":"2015-02-15T03:51:42+00:00","dateModified":"2018-09-25T23:19:09+00:00","breadcrumb":{"@id":"https:\/\/intergentes.com\/es\/contribuciones\/#breadcrumb"},"inLanguage":"es","potentialAction":[{"@type":"ReadAction","target":["https:\/\/intergentes.com\/es\/contribuciones\/"]}]},{"@type":"BreadcrumbList","@id":"https:\/\/intergentes.com\/es\/contribuciones\/#breadcrumb","itemListElement":[{"@type":"ListItem","position":1,"name":"Home","item":"https:\/\/intergentes.com\/es\/"},{"@type":"ListItem","position":2,"name":"Contribuciones"}]},{"@type":"WebSite","@id":"https:\/\/intergentes.com\/#website","url":"https:\/\/intergentes.com\/","name":"Inter Gentes","description":"The McGill Journal of International Law &amp; Legal Pluralism","potentialAction":[{"@type":"SearchAction","target":{"@type":"EntryPoint","urlTemplate":"https:\/\/intergentes.com\/?s={search_term_string}"},"query-input":{"@type":"PropertyValueSpecification","valueRequired":true,"valueName":"search_term_string"}}],"inLanguage":"es"}]}},"_links":{"self":[{"href":"https:\/\/intergentes.com\/es\/wp-json\/wp\/v2\/pages\/405","targetHints":{"allow":["GET"]}}],"collection":[{"href":"https:\/\/intergentes.com\/es\/wp-json\/wp\/v2\/pages"}],"about":[{"href":"https:\/\/intergentes.com\/es\/wp-json\/wp\/v2\/types\/page"}],"author":[{"embeddable":true,"href":"https:\/\/intergentes.com\/es\/wp-json\/wp\/v2\/users\/1"}],"replies":[{"embeddable":true,"href":"https:\/\/intergentes.com\/es\/wp-json\/wp\/v2\/comments?post=405"}],"version-history":[{"count":0,"href":"https:\/\/intergentes.com\/es\/wp-json\/wp\/v2\/pages\/405\/revisions"}],"wp:attachment":[{"href":"https:\/\/intergentes.com\/es\/wp-json\/wp\/v2\/media?parent=405"}],"curies":[{"name":"wp","href":"https:\/\/api.w.org\/{rel}","templated":true}]}}