{"id":356,"date":"2015-01-12T05:53:42","date_gmt":"2015-01-12T05:53:42","guid":{"rendered":"https:\/\/intergentes.com\/advisory-board-2\/"},"modified":"2022-01-23T22:39:58","modified_gmt":"2022-01-24T03:39:58","slug":"comiteconsultatif","status":"publish","type":"page","link":"https:\/\/intergentes.com\/fr\/comiteconsultatif\/","title":{"rendered":"Comit\u00e9 consultatif"},"content":{"rendered":"<div class=\"wpb-content-wrapper\"><div class=\"nolwrap\">[vc_row][vc_column][vc_column_text disable_pattern=\u00a0\u00bbfalse\u00a0\u00bb]\n<h2 style=\"text-align: center;\">Vous pouvez cliquer sur le nom d&rsquo;un individu pour consulter son profil.<\/h2>\n<h2 style=\"text-align: center;\">Les noms sont class\u00e9s par ordre alphab\u00e9tique.<\/h2>\n[\/vc_column_text][mk_divider style=\u00a0\u00bbthin_solid\u00a0\u00bb][\/vc_column][\/vc_row][vc_row][vc_column width=\u00a0\u00bb1\/3&Prime;][vc_column_text css=\u00a0\u00bb.vc_custom_1642617708274{margin-bottom: 0px !important;}\u00a0\u00bb]<strong><a href=\"https:\/\/www.law.utoronto.ca\/faculty-staff\/adjunct-visiting-faculty\/payam-akhavan\" target=\"_blank\" rel=\"noopener noreferrer\">Payam Akhavan<\/a><\/strong><br \/>\nFacult\u00e9 de droit de l&rsquo;Universit\u00e9 de Toronto<\/p>\n<p><strong><a href=\"http:\/\/mohsenalattar.org\/about\/\" target=\"_blank\" rel=\"noopener noreferrer\">Mohsen Al-Attar<\/a><\/strong><br \/>\nFacult\u00e9 de droit de l&rsquo;Universit\u00e9 de Warwick<\/p>\n<p><strong><a href=\"http:\/\/law2.wlu.edu\/faculty\/profiledetail.asp?id=11\" target=\"_blank\" rel=\"noopener noreferrer\">Mark Drumbl<\/a><\/strong><br \/>\nFacult\u00e9 de droit de l&rsquo;Universit\u00e9 de Washington et Lee<\/p>\n<p><strong><a href=\"http:\/\/www.chr.up.ac.za\/index.php\/prof-charles-fombad.html\" target=\"_blank\" rel=\"noopener noreferrer\">Charles Fombad<\/a><\/strong><br \/>\nFacult\u00e9 de droit de l&rsquo;Universit\u00e9 de Pretoria<\/p>\n<p><strong><a href=\"https:\/\/www.suffolk.edu\/law\/faculty\/Lorie_Graham.php\" target=\"_blank\" rel=\"noopener noreferrer\">Lorie Graham<\/a><\/strong><br \/>\nFacult\u00e9 de droit de l&rsquo;Universit\u00e9 de Suffolk<\/p>\n<p><strong><a href=\"http:\/\/www.sciencespo.fr\/ecole-de-droit\/en\/profile\/tourme-jouannet-emmanuelle\" target=\"_blank\" rel=\"noopener noreferrer\">Emmanuelle Jouannet<\/a><br \/>\n<\/strong>Facult\u00e9 de droit de l\u2019Institut d&rsquo;\u00e9tudes politiques de Paris (Sciences Po, Paris) <\/p>\n<p><strong><a href=\"https:\/\/www.queensu.ca\/research\/joshua-karton-international-commercial-arbitration-research\">Joshua Karton<\/a><\/strong><br \/>\nFacult\u00e9 de droit de l&rsquo;Universit\u00e9 Queen&rsquo;s[\/vc_column_text][\/vc_column][vc_column width=\u00a0\u00bb1\/3&Prime;][vc_column_text css=\u00a0\u00bb.vc_custom_1642617718339{margin-bottom: 0px !important;}\u00a0\u00bb]<strong><a href=\"http:\/\/www.chr.up.ac.za\/index.php\/dr-magnus-killander.html\" target=\"_blank\" rel=\"noopener noreferrer\">Magnus Killander<br \/>\n<\/a><\/strong>Facult\u00e9 de droit de l&rsquo;Universit\u00e9 de Pretoria<\/p>\n<p><strong><a href=\"http:\/\/www.mcgill.ca\/law\/about\/profs\/megret-frederic\" target=\"_blank\" rel=\"noopener noreferrer\">Fr\u00e9d\u00e9ric M\u00e9gret<\/a><\/strong><br \/>\nFacult\u00e9 de droit de l&rsquo;Universit\u00e9 de McGill<\/p>\n<p><strong><a href=\"http:\/\/www.lse.ac.uk\/collections\/law\/staff\/emmanuel-melissaris.htm\" target=\"_blank\" rel=\"noopener noreferrer\">Emmanuel Melissaris<\/a><\/strong><br \/>\nFacult\u00e9 de droit de London School of Economics<\/p>\n<p><strong><a href=\"http:\/\/www.lawschool.cornell.edu\/faculty\/bio_jens_ohlin.cfm\" target=\"_blank\" rel=\"noopener noreferrer\">Jens Ohlin<\/a><\/strong><br \/>\nFacult\u00e9 de droit de l&rsquo;Universit\u00e9 Cornell<\/p>\n<p><strong><a href=\"http:\/\/www.mcgill.ca\/law\/about\/profs\/provost-rene\" target=\"_blank\" rel=\"noopener noreferrer\">Ren\u00e9 Provost<\/a><br \/>\n<\/strong>Facult\u00e9 de droit de l&rsquo;Universit\u00e9 de McGill<\/p>\n<p><strong><a href=\"http:\/\/www.mcgill.ca\/law\/about\/profs\/ramanujam-nandini\" target=\"_blank\" rel=\"noopener noreferrer\">Nandini Ramanujam<\/a><\/strong><br \/>\nFacult\u00e9 de droit de l&rsquo;Universit\u00e9 de McGill[\/vc_column_text][\/vc_column][vc_column width=\u00a0\u00bb1\/3&Prime;][vc_column_text]<strong><a href=\"https:\/\/dornsife.usc.edu\/cf\/faculty-and-staff\/faculty.cfm?pid=1003632\" target=\"_blank\" rel=\"noopener noreferrer\">Alison Renteln<\/a><\/strong><br \/>\nFacult\u00e9 de droit de l&rsquo;Universit\u00e9 de Southern California<\/p>\n<p><strong><a href=\"https:\/\/www.upeace.org\/academic\/faculty\/resident\/juan-carlos-sainz-borgo\" target=\"_blank\" rel=\"noopener noreferrer\">Juan Carlos Sainz-Borgo<\/a><\/strong><br \/>\nFacult\u00e9 de droit de l&rsquo;Universit\u00e9 pour la paix (UPEACE)<\/p>\n<p><strong><a href=\"http:\/\/www.law.umich.edu\/FacultyBio\/Pages\/FacultyBio.aspx?FacID=simmab\" target=\"_blank\" rel=\"noopener noreferrer\">Bruno Simma<\/a><\/strong><br \/>\nFacult\u00e9 de droit de l&rsquo;Universit\u00e9 de Michigan<\/p>\n<p><strong><a href=\"http:\/\/www.wiiscanada.org\/about\/team\/\" target=\"_blank\" rel=\"noopener noreferrer\">Cassandra Steer<\/a><br \/>\n<\/strong>Facult\u00e9 de droit de l&rsquo;Universit\u00e9 de McGill<\/p>\n<p><strong><a href=\"http:\/\/www.laws.ucl.ac.uk\/people\/kimberley-trapp\/\" target=\"_blank\" rel=\"noopener noreferrer\">Kimberley Trapp<\/a><\/strong><br \/>\nFacult\u00e9 de droit de University College<\/p>\n<p><strong><a href=\"http:\/\/www.urosario.edu.co\/Profesores\/Listado-de-profesores\/M\/Martinez-Juan-Ramon\/\" target=\"_blank\" rel=\"noopener noreferrer\">Juan Ram\u00f3n Mart\u00ednez Vargas<\/a><br \/>\n<\/strong>Facult\u00e9 de droit de l&rsquo;Universit\u00e9 de Rosario<\/p>\n<p><strong><a href=\"http:\/\/www.chr.up.ac.za\/index.php\/prof-frans-viljoen.html\" target=\"_blank\" rel=\"noopener noreferrer\">Frans Viljoen<\/a><\/strong><br \/>\nFacult\u00e9 de droit de l&rsquo;Universit\u00e9 de Pretoria[\/vc_column_text][\/vc_column][\/vc_row]\n<\/div><\/div>","protected":false},"excerpt":{"rendered":"<p>[vc_row][vc_column][vc_column_text disable_pattern=\u00a0\u00bbfalse\u00a0\u00bb] Vous pouvez cliquer sur le nom d&rsquo;un individu pour consulter son profil. Les noms sont class\u00e9s par ordre alphab\u00e9tique. [\/vc_column_text][mk_divider style=\u00a0\u00bbthin_solid\u00a0\u00bb][\/vc_column][\/vc_row][vc_row][vc_column width=\u00a0\u00bb1\/3&Prime;][vc_column_text css=\u00a0\u00bb.vc_custom_1642617708274{margin-bottom: 0px !important;}\u00a0\u00bb]Payam Akhavan Facult\u00e9 de droit de l&rsquo;Universit\u00e9 de Toronto Mohsen Al-Attar Facult\u00e9 de droit de l&rsquo;Universit\u00e9 de Warwick Mark Drumbl Facult\u00e9 de droit de l&rsquo;Universit\u00e9 de Washington et Lee [&hellip;]<\/p>\n","protected":false},"author":1,"featured_media":0,"parent":0,"menu_order":0,"comment_status":"open","ping_status":"closed","template":"","meta":{"footnotes":""},"class_list":["post-356","page","type-page","status-publish","hentry"],"yoast_head":"<!-- This site is optimized with the Yoast SEO plugin v27.5 - https:\/\/yoast.com\/product\/yoast-seo-wordpress\/ -->\n<title>Comit\u00e9 consultatif - Inter Gentes<\/title>\n<meta name=\"robots\" content=\"index, follow, max-snippet:-1, max-image-preview:large, max-video-preview:-1\" \/>\n<link rel=\"canonical\" href=\"https:\/\/intergentes.com\/fr\/comiteconsultatif\/\" \/>\n<meta property=\"og:locale\" content=\"fr_FR\" \/>\n<meta property=\"og:type\" content=\"article\" \/>\n<meta property=\"og:title\" content=\"Comit\u00e9 consultatif - Inter Gentes\" \/>\n<meta property=\"og:description\" content=\"[vc_row][vc_column][vc_column_text disable_pattern=\u00a0\u00bbfalse\u00a0\u00bb] Vous pouvez cliquer sur le nom d&rsquo;un individu pour consulter son profil. Les noms sont class\u00e9s par ordre alphab\u00e9tique. [\/vc_column_text][mk_divider style=\u00a0\u00bbthin_solid\u00a0\u00bb][\/vc_column][\/vc_row][vc_row][vc_column width=\u00a0\u00bb1\/3&Prime;][vc_column_text css=\u00a0\u00bb.vc_custom_1642617708274{margin-bottom: 0px !important;}\u00a0\u00bb]Payam Akhavan Facult\u00e9 de droit de l&rsquo;Universit\u00e9 de Toronto Mohsen Al-Attar Facult\u00e9 de droit de l&rsquo;Universit\u00e9 de Warwick Mark Drumbl Facult\u00e9 de droit de l&rsquo;Universit\u00e9 de Washington et Lee [&hellip;]\" \/>\n<meta property=\"og:url\" content=\"https:\/\/intergentes.com\/fr\/comiteconsultatif\/\" \/>\n<meta property=\"og:site_name\" content=\"Inter Gentes\" \/>\n<meta property=\"article:modified_time\" content=\"2022-01-24T03:39:58+00:00\" \/>\n<meta name=\"twitter:card\" content=\"summary_large_image\" \/>\n<meta name=\"twitter:label1\" content=\"Dur\u00e9e de lecture estim\u00e9e\" \/>\n\t<meta name=\"twitter:data1\" content=\"1 minute\" \/>\n<script type=\"application\/ld+json\" class=\"yoast-schema-graph\">{\"@context\":\"https:\\\/\\\/schema.org\",\"@graph\":[{\"@type\":\"WebPage\",\"@id\":\"https:\\\/\\\/intergentes.com\\\/fr\\\/comiteconsultatif\\\/\",\"url\":\"https:\\\/\\\/intergentes.com\\\/fr\\\/comiteconsultatif\\\/\",\"name\":\"Comit\u00e9 consultatif - Inter Gentes\",\"isPartOf\":{\"@id\":\"https:\\\/\\\/intergentes.com\\\/#website\"},\"datePublished\":\"2015-01-12T05:53:42+00:00\",\"dateModified\":\"2022-01-24T03:39:58+00:00\",\"breadcrumb\":{\"@id\":\"https:\\\/\\\/intergentes.com\\\/fr\\\/comiteconsultatif\\\/#breadcrumb\"},\"inLanguage\":\"fr-FR\",\"potentialAction\":[{\"@type\":\"ReadAction\",\"target\":[\"https:\\\/\\\/intergentes.com\\\/fr\\\/comiteconsultatif\\\/\"]}]},{\"@type\":\"BreadcrumbList\",\"@id\":\"https:\\\/\\\/intergentes.com\\\/fr\\\/comiteconsultatif\\\/#breadcrumb\",\"itemListElement\":[{\"@type\":\"ListItem\",\"position\":1,\"name\":\"Home\",\"item\":\"https:\\\/\\\/intergentes.com\\\/fr\\\/\"},{\"@type\":\"ListItem\",\"position\":2,\"name\":\"Comit\u00e9 consultatif\"}]},{\"@type\":\"WebSite\",\"@id\":\"https:\\\/\\\/intergentes.com\\\/#website\",\"url\":\"https:\\\/\\\/intergentes.com\\\/\",\"name\":\"Inter Gentes\",\"description\":\"The McGill Journal of International Law &amp; Legal Pluralism\",\"potentialAction\":[{\"@type\":\"SearchAction\",\"target\":{\"@type\":\"EntryPoint\",\"urlTemplate\":\"https:\\\/\\\/intergentes.com\\\/?s={search_term_string}\"},\"query-input\":{\"@type\":\"PropertyValueSpecification\",\"valueRequired\":true,\"valueName\":\"search_term_string\"}}],\"inLanguage\":\"fr-FR\"}]}<\/script>\n<!-- \/ Yoast SEO plugin. -->","yoast_head_json":{"title":"Comit\u00e9 consultatif - Inter Gentes","robots":{"index":"index","follow":"follow","max-snippet":"max-snippet:-1","max-image-preview":"max-image-preview:large","max-video-preview":"max-video-preview:-1"},"canonical":"https:\/\/intergentes.com\/fr\/comiteconsultatif\/","og_locale":"fr_FR","og_type":"article","og_title":"Comit\u00e9 consultatif - Inter Gentes","og_description":"[vc_row][vc_column][vc_column_text disable_pattern=\u00a0\u00bbfalse\u00a0\u00bb] Vous pouvez cliquer sur le nom d&rsquo;un individu pour consulter son profil. Les noms sont class\u00e9s par ordre alphab\u00e9tique. [\/vc_column_text][mk_divider style=\u00a0\u00bbthin_solid\u00a0\u00bb][\/vc_column][\/vc_row][vc_row][vc_column width=\u00a0\u00bb1\/3&Prime;][vc_column_text css=\u00a0\u00bb.vc_custom_1642617708274{margin-bottom: 0px !important;}\u00a0\u00bb]Payam Akhavan Facult\u00e9 de droit de l&rsquo;Universit\u00e9 de Toronto Mohsen Al-Attar Facult\u00e9 de droit de l&rsquo;Universit\u00e9 de Warwick Mark Drumbl Facult\u00e9 de droit de l&rsquo;Universit\u00e9 de Washington et Lee [&hellip;]","og_url":"https:\/\/intergentes.com\/fr\/comiteconsultatif\/","og_site_name":"Inter Gentes","article_modified_time":"2022-01-24T03:39:58+00:00","twitter_card":"summary_large_image","twitter_misc":{"Dur\u00e9e de lecture estim\u00e9e":"1 minute"},"schema":{"@context":"https:\/\/schema.org","@graph":[{"@type":"WebPage","@id":"https:\/\/intergentes.com\/fr\/comiteconsultatif\/","url":"https:\/\/intergentes.com\/fr\/comiteconsultatif\/","name":"Comit\u00e9 consultatif - Inter Gentes","isPartOf":{"@id":"https:\/\/intergentes.com\/#website"},"datePublished":"2015-01-12T05:53:42+00:00","dateModified":"2022-01-24T03:39:58+00:00","breadcrumb":{"@id":"https:\/\/intergentes.com\/fr\/comiteconsultatif\/#breadcrumb"},"inLanguage":"fr-FR","potentialAction":[{"@type":"ReadAction","target":["https:\/\/intergentes.com\/fr\/comiteconsultatif\/"]}]},{"@type":"BreadcrumbList","@id":"https:\/\/intergentes.com\/fr\/comiteconsultatif\/#breadcrumb","itemListElement":[{"@type":"ListItem","position":1,"name":"Home","item":"https:\/\/intergentes.com\/fr\/"},{"@type":"ListItem","position":2,"name":"Comit\u00e9 consultatif"}]},{"@type":"WebSite","@id":"https:\/\/intergentes.com\/#website","url":"https:\/\/intergentes.com\/","name":"Inter Gentes","description":"The McGill Journal of International Law &amp; Legal Pluralism","potentialAction":[{"@type":"SearchAction","target":{"@type":"EntryPoint","urlTemplate":"https:\/\/intergentes.com\/?s={search_term_string}"},"query-input":{"@type":"PropertyValueSpecification","valueRequired":true,"valueName":"search_term_string"}}],"inLanguage":"fr-FR"}]}},"_links":{"self":[{"href":"https:\/\/intergentes.com\/fr\/wp-json\/wp\/v2\/pages\/356","targetHints":{"allow":["GET"]}}],"collection":[{"href":"https:\/\/intergentes.com\/fr\/wp-json\/wp\/v2\/pages"}],"about":[{"href":"https:\/\/intergentes.com\/fr\/wp-json\/wp\/v2\/types\/page"}],"author":[{"embeddable":true,"href":"https:\/\/intergentes.com\/fr\/wp-json\/wp\/v2\/users\/1"}],"replies":[{"embeddable":true,"href":"https:\/\/intergentes.com\/fr\/wp-json\/wp\/v2\/comments?post=356"}],"version-history":[{"count":6,"href":"https:\/\/intergentes.com\/fr\/wp-json\/wp\/v2\/pages\/356\/revisions"}],"predecessor-version":[{"id":3747,"href":"https:\/\/intergentes.com\/fr\/wp-json\/wp\/v2\/pages\/356\/revisions\/3747"}],"wp:attachment":[{"href":"https:\/\/intergentes.com\/fr\/wp-json\/wp\/v2\/media?parent=356"}],"curies":[{"name":"wp","href":"https:\/\/api.w.org\/{rel}","templated":true}]}}